{"id":617735,"date":"2026-04-28T18:14:21","date_gmt":"2026-04-28T15:14:21","guid":{"rendered":"https:\/\/www.visitharju.ee\/?post_type=konverentsiruumid&#038;p=617735"},"modified":"2026-04-30T08:46:50","modified_gmt":"2026-04-30T05:46:50","slug":"kernu-muizas-konferencu-un-seminaru-telpas","status":"publish","type":"konverentsiruumid","link":"https:\/\/visitharju.ee\/lv\/konverentsiruumid\/kernu-muizas-konferencu-un-seminaru-telpas\/","title":{"rendered":"Kernu mui\u017eas konferen\u010du un semin\u0101ru telpas"},"content":{"rendered":"<p>Kernu mui\u017ea pied\u0101v\u0101 iedvesmojo\u0161u iesp\u0113ju izk\u013c\u016bt no ierast\u0101s biroja vides un organiz\u0113t tik\u0161anos, semin\u0101ru vai apm\u0101c\u012bbas v\u0113sturisk\u0101 un mier\u012bg\u0101 mui\u017eas atmosf\u0113r\u0101. Mui\u017ea, kas atrodas tikai aptuveni 30 min\u016b\u0161u att\u0101lum\u0101 no Tallinas, atrodas izol\u0113t\u0101 un klus\u0101 viet\u0101, kur koncentr\u0113\u0161anos veicina pla\u0161as z\u0101les, dabisk\u0101 apk\u0101rtne un priv\u0101t\u0101 atmosf\u0113ra. Kernu mui\u017e\u0101 ir kopum\u0101 8 da\u017e\u0101da izm\u0113ra semin\u0101ru telpas gan mui\u017eas pirmaj\u0101, gan otraj\u0101 st\u0101v\u0101, kas \u013cauj atrast piem\u0113rotu risin\u0101jumu gan maz\u0101kai darba san\u0101ksmei, gan liel\u0101kai semin\u0101ra dienai.<\/p>\n<p>Gar\u0101kas programmas gad\u012bjum\u0101 vari pas\u0101kumu saist\u012bt ar gar\u0161\u012bgu \u0113din\u0101\u0161anu, nak\u0161\u0146o\u0161anu un relaks\u0101ciju. Mui\u017eas restor\u0101ns r\u016bp\u0113jas par kafijas pauz\u0113m, pusdien\u0101m un svin\u012bg\u0101k\u0101m vakari\u0146\u0101m. Vair\u0101ku dienu semin\u0101riem mui\u017e\u0101 ir iesp\u0113jams izmitin\u0101t l\u012bdz 90 cilv\u0113kiem, un k\u0101 papildus bonuss viesn\u012bcas pagrabst\u0101v\u0101 gaida luksusa <em>Keller Spa. <\/em>P\u0113c satur\u012bgas darba dienas vari izv\u0113l\u0113ties ar\u012b komandas sp\u0113les un p\u0101rg\u0101jienu takas, lai apvienotu rezultat\u012bvu darbu ar pat\u012bkamu atp\u016btu.<\/p>\n","protected":false},"featured_media":618313,"template":"","tags":[],"class_list":["post-617735","konverentsiruumid","type-konverentsiruumid","status-publish","has-post-thumbnail","hentry"],"acf":[],"yoast_head":"<!-- This site is optimized with the Yoast SEO plugin v27.4 - https:\/\/yoast.com\/product\/yoast-seo-wordpress\/ -->\n<title>Kernu mui\u017eas konferen\u010du un semin\u0101ru telpas | Visit Harju<\/title>\n<meta name=\"robots\" content=\"index, follow, max-snippet:-1, max-image-preview:large, max-video-preview:-1\" \/>\n<link rel=\"canonical\" href=\"https:\/\/visitharju.ee\/konverentsiruumid\/kernu-moisa-konverentsi-ja-seminariruumid\/\" \/>\n<meta property=\"og:locale\" content=\"lv_LV\" \/>\n<meta property=\"og:type\" content=\"article\" \/>\n<meta property=\"og:title\" content=\"Kernu mui\u017eas konferen\u010du un semin\u0101ru telpas | Visit Harju\" \/>\n<meta property=\"og:description\" content=\"Kernu mui\u017ea pied\u0101v\u0101 iedvesmojo\u0161u iesp\u0113ju izk\u013c\u016bt no ierast\u0101s biroja vides un organiz\u0113t tik\u0161anos, semin\u0101ru vai apm\u0101c\u012bbas v\u0113sturisk\u0101 un mier\u012bg\u0101 mui\u017eas atmosf\u0113r\u0101. Mui\u017ea, kas atrodas tikai aptuveni 30 min\u016b\u0161u att\u0101lum\u0101 no Tallinas, atrodas izol\u0113t\u0101 un klus\u0101...\" \/>\n<meta property=\"og:url\" content=\"https:\/\/visitharju.ee\/konverentsiruumid\/kernu-moisa-konverentsi-ja-seminariruumid\/\" \/>\n<meta property=\"og:site_name\" content=\"Visit Harju\" \/>\n<meta property=\"article:publisher\" content=\"https:\/\/www.facebook.com\/Visitharju\" \/>\n<meta property=\"article:modified_time\" content=\"2026-04-30T05:46:50+00:00\" \/>\n<meta property=\"og:image\" content=\"https:\/\/visitharju.ee\/wp-content\/uploads\/2026\/04\/kernumanorseminarvisitestonia-3.jpg\" \/>\n\t<meta property=\"og:image:width\" content=\"1920\" \/>\n\t<meta property=\"og:image:height\" content=\"800\" \/>\n\t<meta property=\"og:image:type\" content=\"image\/jpeg\" \/>\n<meta name=\"twitter:card\" content=\"summary_large_image\" \/>\n<meta name=\"twitter:label1\" content=\"Est. reading time\" \/>\n\t<meta name=\"twitter:data1\" content=\"1 minute\" \/>\n<script type=\"application\/ld+json\" class=\"yoast-schema-graph\">{\"@context\":\"https:\\\/\\\/schema.org\",\"@graph\":[{\"@type\":\"WebPage\",\"@id\":\"https:\\\/\\\/visitharju.ee\\\/konverentsiruumid\\\/kernu-moisa-konverentsi-ja-seminariruumid\\\/\",\"url\":\"https:\\\/\\\/visitharju.ee\\\/konverentsiruumid\\\/kernu-moisa-konverentsi-ja-seminariruumid\\\/\",\"name\":\"Kernu mui\u017eas konferen\u010du un semin\u0101ru telpas | Visit Harju\",\"isPartOf\":{\"@id\":\"https:\\\/\\\/www.visitharju.ee\\\/de\\\/#website\"},\"primaryImageOfPage\":{\"@id\":\"https:\\\/\\\/visitharju.ee\\\/konverentsiruumid\\\/kernu-moisa-konverentsi-ja-seminariruumid\\\/#primaryimage\"},\"image\":{\"@id\":\"https:\\\/\\\/visitharju.ee\\\/konverentsiruumid\\\/kernu-moisa-konverentsi-ja-seminariruumid\\\/#primaryimage\"},\"thumbnailUrl\":\"https:\\\/\\\/visitharju.ee\\\/wp-content\\\/uploads\\\/2026\\\/04\\\/kernumanorseminarvisitestonia-3.jpg\",\"datePublished\":\"2026-04-28T15:14:21+00:00\",\"dateModified\":\"2026-04-30T05:46:50+00:00\",\"breadcrumb\":{\"@id\":\"https:\\\/\\\/visitharju.ee\\\/konverentsiruumid\\\/kernu-moisa-konverentsi-ja-seminariruumid\\\/#breadcrumb\"},\"inLanguage\":\"lv-LV\",\"potentialAction\":[{\"@type\":\"ReadAction\",\"target\":[\"https:\\\/\\\/visitharju.ee\\\/konverentsiruumid\\\/kernu-moisa-konverentsi-ja-seminariruumid\\\/\"]}]},{\"@type\":\"ImageObject\",\"inLanguage\":\"lv-LV\",\"@id\":\"https:\\\/\\\/visitharju.ee\\\/konverentsiruumid\\\/kernu-moisa-konverentsi-ja-seminariruumid\\\/#primaryimage\",\"url\":\"https:\\\/\\\/visitharju.ee\\\/wp-content\\\/uploads\\\/2026\\\/04\\\/kernumanorseminarvisitestonia-3.jpg\",\"contentUrl\":\"https:\\\/\\\/visitharju.ee\\\/wp-content\\\/uploads\\\/2026\\\/04\\\/kernumanorseminarvisitestonia-3.jpg\",\"width\":1920,\"height\":800},{\"@type\":\"BreadcrumbList\",\"@id\":\"https:\\\/\\\/visitharju.ee\\\/konverentsiruumid\\\/kernu-moisa-konverentsi-ja-seminariruumid\\\/#breadcrumb\",\"itemListElement\":[{\"@type\":\"ListItem\",\"position\":1,\"name\":\"Home\",\"item\":\"https:\\\/\\\/www.visitharju.ee\\\/lv\\\/\"},{\"@type\":\"ListItem\",\"position\":2,\"name\":\"Konferen\u010du vietas\",\"item\":\"https:\\\/\\\/www.visitharju.ee\\\/lv\\\/konverentsiruumid\\\/\"},{\"@type\":\"ListItem\",\"position\":3,\"name\":\"Kernu mui\u017eas konferen\u010du un semin\u0101ru telpas\"}]},{\"@type\":\"WebSite\",\"@id\":\"https:\\\/\\\/www.visitharju.ee\\\/de\\\/#website\",\"url\":\"https:\\\/\\\/www.visitharju.ee\\\/de\\\/\",\"name\":\"Visit Harju\",\"description\":\"\",\"publisher\":{\"@id\":\"https:\\\/\\\/www.visitharju.ee\\\/de\\\/#organization\"},\"potentialAction\":[{\"@type\":\"SearchAction\",\"target\":{\"@type\":\"EntryPoint\",\"urlTemplate\":\"https:\\\/\\\/www.visitharju.ee\\\/de\\\/?s={search_term_string}\"},\"query-input\":{\"@type\":\"PropertyValueSpecification\",\"valueRequired\":true,\"valueName\":\"search_term_string\"}}],\"inLanguage\":\"lv-LV\"},{\"@type\":\"Organization\",\"@id\":\"https:\\\/\\\/www.visitharju.ee\\\/de\\\/#organization\",\"name\":\"Visit Harju\",\"url\":\"https:\\\/\\\/www.visitharju.ee\\\/de\\\/\",\"logo\":{\"@type\":\"ImageObject\",\"inLanguage\":\"lv-LV\",\"@id\":\"https:\\\/\\\/www.visitharju.ee\\\/de\\\/#\\\/schema\\\/logo\\\/image\\\/\",\"url\":\"https:\\\/\\\/visitharju.ee\\\/wp-content\\\/uploads\\\/2023\\\/10\\\/Visitharju-logo.png\",\"contentUrl\":\"https:\\\/\\\/visitharju.ee\\\/wp-content\\\/uploads\\\/2023\\\/10\\\/Visitharju-logo.png\",\"width\":1892,\"height\":567,\"caption\":\"Visit Harju\"},\"image\":{\"@id\":\"https:\\\/\\\/www.visitharju.ee\\\/de\\\/#\\\/schema\\\/logo\\\/image\\\/\"},\"sameAs\":[\"https:\\\/\\\/www.facebook.com\\\/Visitharju\",\"https:\\\/\\\/www.instagram.com\\\/visitharju\\\/\",\"https:\\\/\\\/www.youtube.com\\\/channel\\\/UCzjhqLjaCYy13XcGq5aSEWQ\"]}]}<\/script>\n<!-- \/ Yoast SEO plugin. -->","yoast_head_json":{"title":"Kernu mui\u017eas konferen\u010du un semin\u0101ru telpas | Visit Harju","robots":{"index":"index","follow":"follow","max-snippet":"max-snippet:-1","max-image-preview":"max-image-preview:large","max-video-preview":"max-video-preview:-1"},"canonical":"https:\/\/visitharju.ee\/konverentsiruumid\/kernu-moisa-konverentsi-ja-seminariruumid\/","og_locale":"lv_LV","og_type":"article","og_title":"Kernu mui\u017eas konferen\u010du un semin\u0101ru telpas | Visit Harju","og_description":"Kernu mui\u017ea pied\u0101v\u0101 iedvesmojo\u0161u iesp\u0113ju izk\u013c\u016bt no ierast\u0101s biroja vides un organiz\u0113t tik\u0161anos, semin\u0101ru vai apm\u0101c\u012bbas v\u0113sturisk\u0101 un mier\u012bg\u0101 mui\u017eas atmosf\u0113r\u0101. Mui\u017ea, kas atrodas tikai aptuveni 30 min\u016b\u0161u att\u0101lum\u0101 no Tallinas, atrodas izol\u0113t\u0101 un klus\u0101...","og_url":"https:\/\/visitharju.ee\/konverentsiruumid\/kernu-moisa-konverentsi-ja-seminariruumid\/","og_site_name":"Visit Harju","article_publisher":"https:\/\/www.facebook.com\/Visitharju","article_modified_time":"2026-04-30T05:46:50+00:00","og_image":[{"width":1920,"height":800,"url":"https:\/\/visitharju.ee\/wp-content\/uploads\/2026\/04\/kernumanorseminarvisitestonia-3.jpg","type":"image\/jpeg"}],"twitter_card":"summary_large_image","twitter_misc":{"Est. reading time":"1 minute"},"schema":{"@context":"https:\/\/schema.org","@graph":[{"@type":"WebPage","@id":"https:\/\/visitharju.ee\/konverentsiruumid\/kernu-moisa-konverentsi-ja-seminariruumid\/","url":"https:\/\/visitharju.ee\/konverentsiruumid\/kernu-moisa-konverentsi-ja-seminariruumid\/","name":"Kernu mui\u017eas konferen\u010du un semin\u0101ru telpas | Visit Harju","isPartOf":{"@id":"https:\/\/www.visitharju.ee\/de\/#website"},"primaryImageOfPage":{"@id":"https:\/\/visitharju.ee\/konverentsiruumid\/kernu-moisa-konverentsi-ja-seminariruumid\/#primaryimage"},"image":{"@id":"https:\/\/visitharju.ee\/konverentsiruumid\/kernu-moisa-konverentsi-ja-seminariruumid\/#primaryimage"},"thumbnailUrl":"https:\/\/visitharju.ee\/wp-content\/uploads\/2026\/04\/kernumanorseminarvisitestonia-3.jpg","datePublished":"2026-04-28T15:14:21+00:00","dateModified":"2026-04-30T05:46:50+00:00","breadcrumb":{"@id":"https:\/\/visitharju.ee\/konverentsiruumid\/kernu-moisa-konverentsi-ja-seminariruumid\/#breadcrumb"},"inLanguage":"lv-LV","potentialAction":[{"@type":"ReadAction","target":["https:\/\/visitharju.ee\/konverentsiruumid\/kernu-moisa-konverentsi-ja-seminariruumid\/"]}]},{"@type":"ImageObject","inLanguage":"lv-LV","@id":"https:\/\/visitharju.ee\/konverentsiruumid\/kernu-moisa-konverentsi-ja-seminariruumid\/#primaryimage","url":"https:\/\/visitharju.ee\/wp-content\/uploads\/2026\/04\/kernumanorseminarvisitestonia-3.jpg","contentUrl":"https:\/\/visitharju.ee\/wp-content\/uploads\/2026\/04\/kernumanorseminarvisitestonia-3.jpg","width":1920,"height":800},{"@type":"BreadcrumbList","@id":"https:\/\/visitharju.ee\/konverentsiruumid\/kernu-moisa-konverentsi-ja-seminariruumid\/#breadcrumb","itemListElement":[{"@type":"ListItem","position":1,"name":"Home","item":"https:\/\/www.visitharju.ee\/lv\/"},{"@type":"ListItem","position":2,"name":"Konferen\u010du vietas","item":"https:\/\/www.visitharju.ee\/lv\/konverentsiruumid\/"},{"@type":"ListItem","position":3,"name":"Kernu mui\u017eas konferen\u010du un semin\u0101ru telpas"}]},{"@type":"WebSite","@id":"https:\/\/www.visitharju.ee\/de\/#website","url":"https:\/\/www.visitharju.ee\/de\/","name":"Visit Harju","description":"","publisher":{"@id":"https:\/\/www.visitharju.ee\/de\/#organization"},"potentialAction":[{"@type":"SearchAction","target":{"@type":"EntryPoint","urlTemplate":"https:\/\/www.visitharju.ee\/de\/?s={search_term_string}"},"query-input":{"@type":"PropertyValueSpecification","valueRequired":true,"valueName":"search_term_string"}}],"inLanguage":"lv-LV"},{"@type":"Organization","@id":"https:\/\/www.visitharju.ee\/de\/#organization","name":"Visit Harju","url":"https:\/\/www.visitharju.ee\/de\/","logo":{"@type":"ImageObject","inLanguage":"lv-LV","@id":"https:\/\/www.visitharju.ee\/de\/#\/schema\/logo\/image\/","url":"https:\/\/visitharju.ee\/wp-content\/uploads\/2023\/10\/Visitharju-logo.png","contentUrl":"https:\/\/visitharju.ee\/wp-content\/uploads\/2023\/10\/Visitharju-logo.png","width":1892,"height":567,"caption":"Visit Harju"},"image":{"@id":"https:\/\/www.visitharju.ee\/de\/#\/schema\/logo\/image\/"},"sameAs":["https:\/\/www.facebook.com\/Visitharju","https:\/\/www.instagram.com\/visitharju\/","https:\/\/www.youtube.com\/channel\/UCzjhqLjaCYy13XcGq5aSEWQ"]}]}},"_links":{"self":[{"href":"https:\/\/visitharju.ee\/lv\/wp-json\/wp\/v2\/konverentsiruumid\/617735","targetHints":{"allow":["GET"]}}],"collection":[{"href":"https:\/\/visitharju.ee\/lv\/wp-json\/wp\/v2\/konverentsiruumid"}],"about":[{"href":"https:\/\/visitharju.ee\/lv\/wp-json\/wp\/v2\/types\/konverentsiruumid"}],"wp:featuredmedia":[{"embeddable":true,"href":"https:\/\/visitharju.ee\/lv\/wp-json\/wp\/v2\/media\/618313"}],"wp:attachment":[{"href":"https:\/\/visitharju.ee\/lv\/wp-json\/wp\/v2\/media?parent=617735"}],"wp:term":[{"taxonomy":"post_tag","embeddable":true,"href":"https:\/\/visitharju.ee\/lv\/wp-json\/wp\/v2\/tags?post=617735"}],"curies":[{"name":"wp","href":"https:\/\/api.w.org\/{rel}","templated":true}]}}